{"id":254,"date":"2024-10-03T11:16:07","date_gmt":"2024-10-03T11:16:07","guid":{"rendered":"https:\/\/see-lac.vicha.ch\/?page_id=254"},"modified":"2025-05-30T13:47:53","modified_gmt":"2025-05-30T13:47:53","slug":"arbeitsgruppe","status":"publish","type":"page","link":"https:\/\/see-lac.ch\/fr\/arbeitsgruppe\/","title":{"rendered":"GT et d\u00e9l\u00e9gations"},"content":{"rendered":"<div class=\"gb-container gb-container-3270fc17 alignfull gbp-section\">\n<div class=\"gb-container gb-container-22e2cecb gbp-section__inner\">\n<div class=\"gb-container gb-container-9354bce1\">\n\n<h1 class=\"gb-headline gb-headline-969e9702 gb-headline-text gbp-section__headline\"><\/h1>\n\n\n\n<div class=\"gb-headline gb-headline-91f9ed9b gb-headline-text gbp-section__text\"><\/div>\n\n<\/div>\n<\/div>\n\n<style>.wp-block-kadence-advancedheading.kt-adv-heading254_797327-ff, .wp-block-kadence-advancedheading.kt-adv-heading254_797327-ff[data-kb-block=\"kb-adv-heading254_797327-ff\"]{font-style:normal;}.wp-block-kadence-advancedheading.kt-adv-heading254_797327-ff mark.kt-highlight, .wp-block-kadence-advancedheading.kt-adv-heading254_797327-ff[data-kb-block=\"kb-adv-heading254_797327-ff\"] mark.kt-highlight{font-style:normal;color:#f76a0c;-webkit-box-decoration-break:clone;box-decoration-break:clone;padding-top:0px;padding-right:0px;padding-bottom:0px;padding-left:0px;}<\/style>\n<h2 class=\"kt-adv-heading254_797327-ff wp-block-kadence-advancedheading\" data-kb-block=\"kb-adv-heading254_797327-ff\">Arbeitsgruppen (AG) und Delegationen<\/h2>\n\n<\/div>\n\n<div class=\"gb-container gb-container-97cc7194\">\n\n<h2 class=\"gb-headline gb-headline-fd4ccc81 gb-headline-text\">Groupes de travail<\/h2>\n\n\n<style>.kb-row-layout-wrap.wp-block-kadence-rowlayout.kb-row-layout-id254_425571-70{margin-bottom:0px;}.kb-row-layout-id254_425571-70 > .kt-row-column-wrap{align-content:start;}:where(.kb-row-layout-id254_425571-70 > .kt-row-column-wrap) > .wp-block-kadence-column{justify-content:start;}.kb-row-layout-id254_425571-70 > .kt-row-column-wrap{column-gap:var(--global-kb-gap-md, 2rem);row-gap:var(--global-kb-gap-md, 2rem);padding-top:var(--global-kb-spacing-sm, 1.5rem);padding-bottom:var(--global-kb-spacing-sm, 1.5rem);grid-template-columns:repeat(2, minmax(0, 1fr));}.kb-row-layout-id254_425571-70 > .kt-row-layout-overlay{opacity:0.30;}@media all and (max-width: 1024px){.kb-row-layout-id254_425571-70 > .kt-row-column-wrap{grid-template-columns:repeat(2, minmax(0, 1fr));}}@media all and (max-width: 767px){.kb-row-layout-id254_425571-70 > .kt-row-column-wrap{grid-template-columns:minmax(0, 1fr);}}<\/style><div class=\"kb-row-layout-wrap kb-row-layout-id254_425571-70 alignnone wp-block-kadence-rowlayout\"><div class=\"kt-row-column-wrap kt-has-2-columns kt-row-layout-equal kt-tab-layout-inherit kt-mobile-layout-row kt-row-valign-top\">\n<style>.kadence-column254_2b90df-f8 > .kt-inside-inner-col,.kadence-column254_2b90df-f8 > .kt-inside-inner-col:before{border-top-left-radius:0px;border-top-right-radius:0px;border-bottom-right-radius:0px;border-bottom-left-radius:0px;}.kadence-column254_2b90df-f8 > .kt-inside-inner-col{column-gap:var(--global-kb-gap-sm, 1rem);}.kadence-column254_2b90df-f8 > .kt-inside-inner-col{flex-direction:column;}.kadence-column254_2b90df-f8 > .kt-inside-inner-col > .aligncenter{width:100%;}.kadence-column254_2b90df-f8 > .kt-inside-inner-col:before{opacity:0.3;}.kadence-column254_2b90df-f8{position:relative;}@media all and (max-width: 1024px){.kadence-column254_2b90df-f8 > .kt-inside-inner-col{flex-direction:column;justify-content:center;}}@media all and (max-width: 767px){.kadence-column254_2b90df-f8 > .kt-inside-inner-col{flex-direction:column;justify-content:center;}}<\/style>\n<div class=\"wp-block-kadence-column kadence-column254_2b90df-f8\"><div class=\"kt-inside-inner-col\">\n<p><strong>Am\u00e9nagement du territoire (AT)<\/strong>)<br>Le GTAT est le point de contact dans le domaine de l'am\u00e9nagement du territoire. Il adapte le plan directeur r\u00e9gional (PDR), v\u00e9rifie les plans directeurs locaux en cas de modifications et transmet \u00e0 l'office comp\u00e9tent les fiches de projet qui doivent \u00eatre int\u00e9gr\u00e9es dans le plan directeur cantonal.<br>&nbsp;Le GTAT est soutenu par les experts d'Archam et partenaires SA.<br>&nbsp;<br>Le GTAT se rencontre au minimum 3 fois par ann\u00e9e.<\/p>\n\n\n\n<p>Pr\u00e9sidence: <br>Burnier, Pierre-Andr\u00e9<\/p>\n\n\n\n<p>Membres:<br>Kaufmann Andrea, Chi\u00e8tres<br>Senti Julia, Morat<br>Wieland Christoph, pr\u00e9fecture<br>W\u00fcstefeld Markus, Gurmels<br>W\u00fcthrich Mario, Courtepin<br>Hyka Silvia, administration<\/p>\n\n\n\n<ul class=\"wp-block-list\">\n<li><\/li>\n<\/ul>\n<\/div><\/div>\n\n\n<style>.kadence-column254_082905-cb > .kt-inside-inner-col,.kadence-column254_082905-cb > .kt-inside-inner-col:before{border-top-left-radius:0px;border-top-right-radius:0px;border-bottom-right-radius:0px;border-bottom-left-radius:0px;}.kadence-column254_082905-cb > .kt-inside-inner-col{column-gap:var(--global-kb-gap-sm, 1rem);}.kadence-column254_082905-cb > .kt-inside-inner-col{flex-direction:column;}.kadence-column254_082905-cb > .kt-inside-inner-col > .aligncenter{width:100%;}.kadence-column254_082905-cb > .kt-inside-inner-col:before{opacity:0.3;}.kadence-column254_082905-cb{position:relative;}@media all and (max-width: 1024px){.kadence-column254_082905-cb > .kt-inside-inner-col{flex-direction:column;justify-content:center;}}@media all and (max-width: 767px){.kadence-column254_082905-cb > .kt-inside-inner-col{flex-direction:column;justify-content:center;}}<\/style>\n<div class=\"wp-block-kadence-column kadence-column254_082905-cb\"><div class=\"kt-inside-inner-col\">\n<figure class=\"wp-block-image size-large is-resized\"><img loading=\"lazy\" decoding=\"async\" width=\"1024\" height=\"1024\" src=\"https:\/\/see-lac.ch\/wp-content\/uploads\/2024\/10\/quadrat_20190604_135003-1024x1024.jpg\" alt=\"\" class=\"wp-image-584\" style=\"width:682px;height:auto\" srcset=\"https:\/\/see-lac.ch\/wp-content\/uploads\/2024\/10\/quadrat_20190604_135003-1024x1024.jpg 1024w, https:\/\/see-lac.ch\/wp-content\/uploads\/2024\/10\/quadrat_20190604_135003-300x300.jpg 300w, https:\/\/see-lac.ch\/wp-content\/uploads\/2024\/10\/quadrat_20190604_135003-150x150.jpg 150w, https:\/\/see-lac.ch\/wp-content\/uploads\/2024\/10\/quadrat_20190604_135003-768x768.jpg 768w, https:\/\/see-lac.ch\/wp-content\/uploads\/2024\/10\/quadrat_20190604_135003-50x50.jpg 50w, https:\/\/see-lac.ch\/wp-content\/uploads\/2024\/10\/quadrat_20190604_135003-1600x1600.jpg 1600w, https:\/\/see-lac.ch\/wp-content\/uploads\/2024\/10\/quadrat_20190604_135003-1536x1536.jpg 1536w, https:\/\/see-lac.ch\/wp-content\/uploads\/2024\/10\/quadrat_20190604_135003-12x12.jpg 12w, https:\/\/see-lac.ch\/wp-content\/uploads\/2024\/10\/quadrat_20190604_135003.jpg 1816w\" sizes=\"auto, (max-width: 1024px) 100vw, 1024px\" \/><\/figure>\n<\/div><\/div>\n\n<\/div><\/div>\n<\/div>\n\n<div class=\"gb-container gb-container-2f9ac738\">\n<style>.kb-row-layout-wrap.wp-block-kadence-rowlayout.kb-row-layout-id254_71a64f-cf{margin-bottom:0px;}.kb-row-layout-id254_71a64f-cf > .kt-row-column-wrap{align-content:start;}:where(.kb-row-layout-id254_71a64f-cf > .kt-row-column-wrap) > .wp-block-kadence-column{justify-content:start;}.kb-row-layout-id254_71a64f-cf > .kt-row-column-wrap{column-gap:var(--global-kb-gap-md, 2rem);row-gap:var(--global-kb-gap-md, 2rem);padding-top:var(--global-kb-spacing-sm, 1.5rem);padding-bottom:var(--global-kb-spacing-sm, 1.5rem);grid-template-columns:repeat(2, minmax(0, 1fr));}.kb-row-layout-id254_71a64f-cf > .kt-row-layout-overlay{opacity:0.30;}@media all and (max-width: 1024px){.kb-row-layout-id254_71a64f-cf > .kt-row-column-wrap{grid-template-columns:repeat(2, minmax(0, 1fr));}}@media all and (max-width: 767px){.kb-row-layout-id254_71a64f-cf > .kt-row-column-wrap{grid-template-columns:minmax(0, 1fr);}}<\/style><div class=\"kb-row-layout-wrap kb-row-layout-id254_71a64f-cf alignnone wp-block-kadence-rowlayout\"><div class=\"kt-row-column-wrap kt-has-2-columns kt-row-layout-equal kt-tab-layout-inherit kt-mobile-layout-row kt-row-valign-top\">\n<style>.kadence-column254_71b3b7-ca > .kt-inside-inner-col,.kadence-column254_71b3b7-ca > .kt-inside-inner-col:before{border-top-left-radius:0px;border-top-right-radius:0px;border-bottom-right-radius:0px;border-bottom-left-radius:0px;}.kadence-column254_71b3b7-ca > .kt-inside-inner-col{column-gap:var(--global-kb-gap-sm, 1rem);}.kadence-column254_71b3b7-ca > .kt-inside-inner-col{flex-direction:column;}.kadence-column254_71b3b7-ca > .kt-inside-inner-col > .aligncenter{width:100%;}.kadence-column254_71b3b7-ca > .kt-inside-inner-col:before{opacity:0.3;}.kadence-column254_71b3b7-ca{position:relative;}@media all and (max-width: 1024px){.kadence-column254_71b3b7-ca > .kt-inside-inner-col{flex-direction:column;justify-content:center;}}@media all and (max-width: 767px){.kadence-column254_71b3b7-ca > .kt-inside-inner-col{flex-direction:column;justify-content:center;}}<\/style>\n<div class=\"wp-block-kadence-column kadence-column254_71b3b7-ca\"><div class=\"kt-inside-inner-col\">\n<figure class=\"wp-block-image size-large\"><img loading=\"lazy\" decoding=\"async\" width=\"1024\" height=\"1024\" src=\"https:\/\/see-lac.ch\/wp-content\/uploads\/2024\/10\/AdobeStock_415403998_1860px-1024x1024.jpg\" alt=\"\" class=\"wp-image-677\" srcset=\"https:\/\/see-lac.ch\/wp-content\/uploads\/2024\/10\/AdobeStock_415403998_1860px-1024x1024.jpg 1024w, https:\/\/see-lac.ch\/wp-content\/uploads\/2024\/10\/AdobeStock_415403998_1860px-300x300.jpg 300w, https:\/\/see-lac.ch\/wp-content\/uploads\/2024\/10\/AdobeStock_415403998_1860px-150x150.jpg 150w, https:\/\/see-lac.ch\/wp-content\/uploads\/2024\/10\/AdobeStock_415403998_1860px-768x768.jpg 768w, https:\/\/see-lac.ch\/wp-content\/uploads\/2024\/10\/AdobeStock_415403998_1860px-50x50.jpg 50w, https:\/\/see-lac.ch\/wp-content\/uploads\/2024\/10\/AdobeStock_415403998_1860px-1600x1600.jpg 1600w\" sizes=\"auto, (max-width: 1024px) 100vw, 1024px\" \/><\/figure>\n<\/div><\/div>\n\n\n<style>.kadence-column254_3c1135-3f > .kt-inside-inner-col,.kadence-column254_3c1135-3f > .kt-inside-inner-col:before{border-top-left-radius:0px;border-top-right-radius:0px;border-bottom-right-radius:0px;border-bottom-left-radius:0px;}.kadence-column254_3c1135-3f > .kt-inside-inner-col{column-gap:var(--global-kb-gap-sm, 1rem);}.kadence-column254_3c1135-3f > .kt-inside-inner-col{flex-direction:column;}.kadence-column254_3c1135-3f > .kt-inside-inner-col > .aligncenter{width:100%;}.kadence-column254_3c1135-3f > .kt-inside-inner-col:before{opacity:0.3;}.kadence-column254_3c1135-3f{position:relative;}@media all and (max-width: 1024px){.kadence-column254_3c1135-3f > .kt-inside-inner-col{flex-direction:column;justify-content:center;}}@media all and (max-width: 767px){.kadence-column254_3c1135-3f > .kt-inside-inner-col{flex-direction:column;justify-content:center;}}<\/style>\n<div class=\"wp-block-kadence-column kadence-column254_3c1135-3f\"><div class=\"kt-inside-inner-col\">\n<p><strong>Affaires sociales<\/strong><br>Le GT Affaires sociales traite de sujets aussi divers que l'accueil extrafamilial des enfants, l'organisation des services sociaux, l'animation jeunesse, le bilinguisme dans les \u00e9coles et les besoins de la population vieillissante.<\/p>\n\n\n\n<p>Le groupe de travail \u00ab Affaires sociales \u00bb et son sous-groupe \u00ab GT KiBe \u00bb se r\u00e9unissent chacun deux fois par an.<\/p>\n\n\n\n<p>Pr\u00e9sidence: <br>Petra Schl\u00fcchter, Morat<\/p>\n\n\n\n<p>Mitglieder :<br>Bello Gilda, Courtepin<br>Gamma Margrit, Gurmels<br>Petter Guy, Mont-Vully<br>Wattinger Daniel, Chi\u00e8tres<br>Silvia Hyka, administration<\/p>\n<\/div><\/div>\n\n<\/div><\/div>\n<\/div>\n\n<div class=\"gb-container gb-container-5f846e68\">\n<style>.kb-row-layout-wrap.wp-block-kadence-rowlayout.kb-row-layout-id254_7a89eb-b3{margin-bottom:0px;}.kb-row-layout-id254_7a89eb-b3 > .kt-row-column-wrap{align-content:start;}:where(.kb-row-layout-id254_7a89eb-b3 > .kt-row-column-wrap) > .wp-block-kadence-column{justify-content:start;}.kb-row-layout-id254_7a89eb-b3 > .kt-row-column-wrap{column-gap:var(--global-kb-gap-md, 2rem);row-gap:var(--global-kb-gap-md, 2rem);padding-top:var(--global-kb-spacing-sm, 1.5rem);padding-bottom:var(--global-kb-spacing-sm, 1.5rem);grid-template-columns:repeat(2, minmax(0, 1fr));}.kb-row-layout-id254_7a89eb-b3 > .kt-row-layout-overlay{opacity:0.30;}@media all and (max-width: 1024px){.kb-row-layout-id254_7a89eb-b3 > .kt-row-column-wrap{grid-template-columns:repeat(2, minmax(0, 1fr));}}@media all and (max-width: 767px){.kb-row-layout-id254_7a89eb-b3 > .kt-row-column-wrap{grid-template-columns:minmax(0, 1fr);}}<\/style><div class=\"kb-row-layout-wrap kb-row-layout-id254_7a89eb-b3 alignnone wp-block-kadence-rowlayout\"><div class=\"kt-row-column-wrap kt-has-2-columns kt-row-layout-equal kt-tab-layout-inherit kt-mobile-layout-row kt-row-valign-top\">\n<style>.kadence-column254_c822b5-bf > .kt-inside-inner-col,.kadence-column254_c822b5-bf > .kt-inside-inner-col:before{border-top-left-radius:0px;border-top-right-radius:0px;border-bottom-right-radius:0px;border-bottom-left-radius:0px;}.kadence-column254_c822b5-bf > .kt-inside-inner-col{column-gap:var(--global-kb-gap-sm, 1rem);}.kadence-column254_c822b5-bf > .kt-inside-inner-col{flex-direction:column;}.kadence-column254_c822b5-bf > .kt-inside-inner-col > .aligncenter{width:100%;}.kadence-column254_c822b5-bf > .kt-inside-inner-col:before{opacity:0.3;}.kadence-column254_c822b5-bf{position:relative;}@media all and (max-width: 1024px){.kadence-column254_c822b5-bf > .kt-inside-inner-col{flex-direction:column;justify-content:center;}}@media all and (max-width: 767px){.kadence-column254_c822b5-bf > .kt-inside-inner-col{flex-direction:column;justify-content:center;}}<\/style>\n<div class=\"wp-block-kadence-column kadence-column254_c822b5-bf\"><div class=\"kt-inside-inner-col\">\n<p><strong>Finances<\/strong><br>Le GT Finances est l'interlocuteur des communes dans le domaine des finances du district. Il re\u00e7oit, r\u00e9sume et transmet aux communes membres les budgets et les comptes des associations de communes actives dans le district du Lac.<\/p>\n\n\n\n<p>Le GT se r\u00e9unit 2 fois par ann\u00e9e.<\/p>\n\n\n\n<p>Pr\u00e9sidence: <br>Wieland Christoph, pr\u00e9fecture<\/p>\n\n\n\n<p>Membres:<br>Kaufmann Andrea, Chi\u00e8tres<br>Petra Schl\u00fcchter, Morat<\/p>\n<\/div><\/div>\n\n\n<style>.kadence-column254_2e9454-60 > .kt-inside-inner-col,.kadence-column254_2e9454-60 > .kt-inside-inner-col:before{border-top-left-radius:0px;border-top-right-radius:0px;border-bottom-right-radius:0px;border-bottom-left-radius:0px;}.kadence-column254_2e9454-60 > .kt-inside-inner-col{column-gap:var(--global-kb-gap-sm, 1rem);}.kadence-column254_2e9454-60 > .kt-inside-inner-col{flex-direction:column;}.kadence-column254_2e9454-60 > .kt-inside-inner-col > .aligncenter{width:100%;}.kadence-column254_2e9454-60 > .kt-inside-inner-col:before{opacity:0.3;}.kadence-column254_2e9454-60{position:relative;}@media all and (max-width: 1024px){.kadence-column254_2e9454-60 > .kt-inside-inner-col{flex-direction:column;justify-content:center;}}@media all and (max-width: 767px){.kadence-column254_2e9454-60 > .kt-inside-inner-col{flex-direction:column;justify-content:center;}}<\/style>\n<div class=\"wp-block-kadence-column kadence-column254_2e9454-60\"><div class=\"kt-inside-inner-col\">\n<figure class=\"wp-block-image size-large\"><img loading=\"lazy\" decoding=\"async\" width=\"1024\" height=\"1024\" src=\"https:\/\/see-lac.ch\/wp-content\/uploads\/2024\/10\/AdobeStock_937770586_1860_2px-1024x1024.jpg\" alt=\"\" class=\"wp-image-673\" srcset=\"https:\/\/see-lac.ch\/wp-content\/uploads\/2024\/10\/AdobeStock_937770586_1860_2px-1024x1024.jpg 1024w, https:\/\/see-lac.ch\/wp-content\/uploads\/2024\/10\/AdobeStock_937770586_1860_2px-300x300.jpg 300w, https:\/\/see-lac.ch\/wp-content\/uploads\/2024\/10\/AdobeStock_937770586_1860_2px-150x150.jpg 150w, https:\/\/see-lac.ch\/wp-content\/uploads\/2024\/10\/AdobeStock_937770586_1860_2px-768x768.jpg 768w, https:\/\/see-lac.ch\/wp-content\/uploads\/2024\/10\/AdobeStock_937770586_1860_2px-50x50.jpg 50w, https:\/\/see-lac.ch\/wp-content\/uploads\/2024\/10\/AdobeStock_937770586_1860_2px-1600x1600.jpg 1600w, https:\/\/see-lac.ch\/wp-content\/uploads\/2024\/10\/AdobeStock_937770586_1860_2px-1536x1536.jpg 1536w, https:\/\/see-lac.ch\/wp-content\/uploads\/2024\/10\/AdobeStock_937770586_1860_2px-2048x2048.jpg 2048w, https:\/\/see-lac.ch\/wp-content\/uploads\/2024\/10\/AdobeStock_937770586_1860_2px-12x12.jpg 12w\" sizes=\"auto, (max-width: 1024px) 100vw, 1024px\" \/><\/figure>\n<\/div><\/div>\n\n<\/div><\/div>\n<\/div>\n\n<div class=\"gb-container gb-container-e75b86ff\">\n<style>.kb-row-layout-wrap.wp-block-kadence-rowlayout.kb-row-layout-id254_aff933-b1{margin-bottom:0px;}.kb-row-layout-id254_aff933-b1 > .kt-row-column-wrap{align-content:start;}:where(.kb-row-layout-id254_aff933-b1 > .kt-row-column-wrap) > .wp-block-kadence-column{justify-content:start;}.kb-row-layout-id254_aff933-b1 > .kt-row-column-wrap{column-gap:var(--global-kb-gap-md, 2rem);row-gap:var(--global-kb-gap-md, 2rem);padding-top:var(--global-kb-spacing-sm, 1.5rem);padding-bottom:var(--global-kb-spacing-sm, 1.5rem);grid-template-columns:repeat(2, minmax(0, 1fr));}.kb-row-layout-id254_aff933-b1 > .kt-row-layout-overlay{opacity:0.30;}@media all and (max-width: 1024px){.kb-row-layout-id254_aff933-b1 > .kt-row-column-wrap{grid-template-columns:repeat(2, minmax(0, 1fr));}}@media all and (max-width: 767px){.kb-row-layout-id254_aff933-b1 > .kt-row-column-wrap{grid-template-columns:minmax(0, 1fr);}}<\/style><div class=\"kb-row-layout-wrap kb-row-layout-id254_aff933-b1 alignnone wp-block-kadence-rowlayout\"><div class=\"kt-row-column-wrap kt-has-2-columns kt-row-layout-equal kt-tab-layout-inherit kt-mobile-layout-row kt-row-valign-top\">\n<style>.kadence-column254_e5204b-42 > .kt-inside-inner-col,.kadence-column254_e5204b-42 > .kt-inside-inner-col:before{border-top-left-radius:0px;border-top-right-radius:0px;border-bottom-right-radius:0px;border-bottom-left-radius:0px;}.kadence-column254_e5204b-42 > .kt-inside-inner-col{column-gap:var(--global-kb-gap-sm, 1rem);}.kadence-column254_e5204b-42 > .kt-inside-inner-col{flex-direction:column;}.kadence-column254_e5204b-42 > .kt-inside-inner-col > .aligncenter{width:100%;}.kadence-column254_e5204b-42 > .kt-inside-inner-col{background-color:var(--base-3);}.kadence-column254_e5204b-42 > .kt-inside-inner-col:before{opacity:0.3;}.kadence-column254_e5204b-42{position:relative;}@media all and (max-width: 1024px){.kadence-column254_e5204b-42 > .kt-inside-inner-col{flex-direction:column;justify-content:center;}}@media all and (max-width: 767px){.kadence-column254_e5204b-42 > .kt-inside-inner-col{flex-direction:column;justify-content:center;}}<\/style>\n<div class=\"wp-block-kadence-column kadence-column254_e5204b-42\"><div class=\"kt-inside-inner-col\"><div class=\"gb-container gb-container-451f4c2b\">\n\n<p><strong>GT Tourisme<\/strong> <br>Conform\u00e9ment \u00e0 la loi sur le tourisme, l'association charge le groupe de travail \u00ab Tourisme \u00bb d'\u00e9laborer une vision strat\u00e9gique pour la promotion du tourisme et de la culture dans le district du Lac.<br>Elle est \u00e9galement charg\u00e9e d'\u00e9laborer un contrat de prestations sur la base de cette vision et d'en assurer la mise en \u0153uvre par un prestataire de services externe.<\/p>\n\n\n\n<p>Le GT se rencontre 4 fois par ann\u00e9e et, si besoin, 1 fois par ann\u00e9e pour une retraite d'une journ\u00e9e.<\/p>\n\n\n\n<p>Pr\u00e9sidence:<br>Wieland Christoph, pr\u00e9fecture<\/p>\n\n\n\n<p>Membres:<br>Aebischer Jonas, conseiller comm. Courtepin<br>Bello Gilda, conseill\u00e8re comm. Courtepin<br>Bijleveld Caspar, directeur Papiliorama<br>Decrausaz Denis, directeur Museum Murten<br>Fahrni Jann, directeur SEM<br>Herren Rudolf, conseiller comm. Morat<br>Kaufmann Andrea, syndique Chi\u00e8tres<br>Morard Alain, directeur UFT<br>Moret St\u00e9phane, Murten Tourismus<br>P\u00f6rner Pascal, syndic Montilier<br>Robatel Estelle, Vully Tourisme<br>Rouiller Joanna, conseill\u00e8re comm. Mont-Vully<\/p>\n\n<\/div><\/div><\/div>\n\n\n<style>.kadence-column254_6f1baf-3f > .kt-inside-inner-col,.kadence-column254_6f1baf-3f > .kt-inside-inner-col:before{border-top-left-radius:0px;border-top-right-radius:0px;border-bottom-right-radius:0px;border-bottom-left-radius:0px;}.kadence-column254_6f1baf-3f > .kt-inside-inner-col{column-gap:var(--global-kb-gap-sm, 1rem);}.kadence-column254_6f1baf-3f > .kt-inside-inner-col{flex-direction:column;}.kadence-column254_6f1baf-3f > .kt-inside-inner-col > .aligncenter{width:100%;}.kadence-column254_6f1baf-3f > .kt-inside-inner-col{background-color:var(--base-3);}.kadence-column254_6f1baf-3f > .kt-inside-inner-col:before{opacity:0.3;}.kadence-column254_6f1baf-3f{position:relative;}@media all and (max-width: 1024px){.kadence-column254_6f1baf-3f > .kt-inside-inner-col{flex-direction:column;justify-content:center;}}@media all and (max-width: 767px){.kadence-column254_6f1baf-3f > .kt-inside-inner-col{flex-direction:column;justify-content:center;}}<\/style>\n<div class=\"wp-block-kadence-column kadence-column254_6f1baf-3f\"><div class=\"kt-inside-inner-col\"><div class=\"gb-container gb-container-ee6f4e2b\">\n\n<p><strong>GT Economie<\/strong><br>Le GT \u00c9conomie est charg\u00e9, en collaboration avec le groupe de travail Am\u00e9nagement du territoire, de d\u00e9velopper une strat\u00e9gie visionnaire et durable pour le d\u00e9veloppement \u00e9conomique du district. <br>Il est \u00e9galement charg\u00e9 d'\u00e9laborer un contrat de prestations sur la base de cette strat\u00e9gie et d'en assurer la mise en \u0153uvre par un prestataire de services externe.<\/p>\n\n\n\n<p>Le GT se rencontre 4 fois par ann\u00e9e et, si besoin, 1 fois par ann\u00e9e pour une retraite d'une journ\u00e9e.<\/p>\n\n\n\n<p>Pr\u00e9sidence:<br>Wieland Christoph, pr\u00e9fecture<\/p>\n\n\n\n<p>Membres:<br>B\u00fcrgy David, Gewerbeverein Gurmels<br>Clerc Samuel, PromFR<br>Guillod C\u00e9dric, conseiller comm. Mont-Vully<br>Kaufmann Andrea, syndique Chi\u00e8tres<br>Kramer Liliane, Gewerbe Murten<br>Kuqi Liridon, Gwaerb Kerzers<br>Moret St\u00e9phane, Murten Tourismus<br>P\u00f6rner Pascal, syndic Montilier<br>Schmid-H\u00f6rhager Cornelia, conseill\u00e8re comm. Montilier<br>Von Vivis Nadine, secr\u00e9taire municipale Morat<br>Volken Daniel, conseiller comm. Cormondes<br>Weisskopf Patrick, GIME<br>W\u00fcthrich Mario, conseiller comm. Courtepin<br>Gautier Charlotte, ECPF<\/p>\n\n<\/div><\/div><\/div>\n\n<\/div><\/div>\n<\/div>\n\n<div class=\"gb-container gb-container-f5641a3d\">\n<style>.kb-row-layout-wrap.wp-block-kadence-rowlayout.kb-row-layout-id254_6c1c8d-79{margin-bottom:0px;}.kb-row-layout-id254_6c1c8d-79 > .kt-row-column-wrap{align-content:start;}:where(.kb-row-layout-id254_6c1c8d-79 > .kt-row-column-wrap) > .wp-block-kadence-column{justify-content:start;}.kb-row-layout-id254_6c1c8d-79 > .kt-row-column-wrap{column-gap:var(--global-kb-gap-md, 2rem);row-gap:var(--global-kb-gap-md, 2rem);padding-top:var(--global-kb-spacing-sm, 1.5rem);padding-bottom:var(--global-kb-spacing-sm, 1.5rem);grid-template-columns:repeat(2, minmax(0, 1fr));}.kb-row-layout-id254_6c1c8d-79 > .kt-row-layout-overlay{opacity:0.30;}@media all and (max-width: 1024px){.kb-row-layout-id254_6c1c8d-79 > .kt-row-column-wrap{grid-template-columns:repeat(2, minmax(0, 1fr));}}@media all and (max-width: 767px){.kb-row-layout-id254_6c1c8d-79 > .kt-row-column-wrap{grid-template-columns:minmax(0, 1fr);}}<\/style><div class=\"kb-row-layout-wrap kb-row-layout-id254_6c1c8d-79 alignnone wp-block-kadence-rowlayout\"><div class=\"kt-row-column-wrap kt-has-2-columns kt-row-layout-equal kt-tab-layout-inherit kt-mobile-layout-row kt-row-valign-top\">\n<style>.kadence-column254_9f2f5e-ec > .kt-inside-inner-col,.kadence-column254_9f2f5e-ec > .kt-inside-inner-col:before{border-top-left-radius:0px;border-top-right-radius:0px;border-bottom-right-radius:0px;border-bottom-left-radius:0px;}.kadence-column254_9f2f5e-ec > .kt-inside-inner-col{column-gap:var(--global-kb-gap-sm, 1rem);}.kadence-column254_9f2f5e-ec > .kt-inside-inner-col{flex-direction:column;}.kadence-column254_9f2f5e-ec > .kt-inside-inner-col > .aligncenter{width:100%;}.kadence-column254_9f2f5e-ec > .kt-inside-inner-col{background-color:var(--base-3);}.kadence-column254_9f2f5e-ec > .kt-inside-inner-col:before{opacity:0.3;}.kadence-column254_9f2f5e-ec{position:relative;}@media all and (max-width: 1024px){.kadence-column254_9f2f5e-ec > .kt-inside-inner-col{flex-direction:column;justify-content:center;}}@media all and (max-width: 767px){.kadence-column254_9f2f5e-ec > .kt-inside-inner-col{flex-direction:column;justify-content:center;}}<\/style>\n<div class=\"wp-block-kadence-column kadence-column254_9f2f5e-ec\"><div class=\"kt-inside-inner-col\"><div class=\"gb-container gb-container-39efa1a0\">\n\n<p><strong>Transport public (GT cantonal)<\/strong><br>Sous la direction du canton, le groupe de travail est comp\u00e9tent pour les aspects relatifs aux transports publics, comme par exemple les prises de position concernant le changement d'horaire, l'extension et le financement des transports publics ainsi que l'accessibilit\u00e9 pour les personnes \u00e2g\u00e9es et handicap\u00e9es ou les familles.<\/p>\n\n\n\n<p>Membres:<br>Wieland Christoph, pr\u00e9fecture&nbsp;<br>Aeschlimann Daniel, Courtepin<br>Fontana Thomas, Gurmels<br>Haymoz Sabine, Misery-Courtion<br>Nippel Corinne, Chi\u00e8tres<br>Petter Guy, Mont-Vully<br>Senti Julia, Morat<br>Wildhaber Guido, Ried<br>Vonlanthen Michel, admin. cant.<\/p>\n\n\n\n<ul class=\"wp-block-list\">\n<li><\/li>\n<\/ul>\n\n<\/div><\/div><\/div>\n\n\n<style>.kadence-column254_189e45-a3 > .kt-inside-inner-col,.kadence-column254_189e45-a3 > .kt-inside-inner-col:before{border-top-left-radius:0px;border-top-right-radius:0px;border-bottom-right-radius:0px;border-bottom-left-radius:0px;}.kadence-column254_189e45-a3 > .kt-inside-inner-col{column-gap:var(--global-kb-gap-sm, 1rem);}.kadence-column254_189e45-a3 > .kt-inside-inner-col{flex-direction:column;}.kadence-column254_189e45-a3 > .kt-inside-inner-col > .aligncenter{width:100%;}.kadence-column254_189e45-a3 > .kt-inside-inner-col:before{opacity:0.3;}.kadence-column254_189e45-a3{position:relative;}@media all and (max-width: 1024px){.kadence-column254_189e45-a3 > .kt-inside-inner-col{flex-direction:column;justify-content:center;}}@media all and (max-width: 767px){.kadence-column254_189e45-a3 > .kt-inside-inner-col{flex-direction:column;justify-content:center;}}<\/style>\n<div class=\"wp-block-kadence-column kadence-column254_189e45-a3\"><div class=\"kt-inside-inner-col\"><\/div><\/div>\n\n<\/div><\/div>\n<\/div>\n\n\n<hr class=\"wp-block-separator has-alpha-channel-opacity\"\/>\n\n\n<style>.kb-row-layout-wrap.wp-block-kadence-rowlayout.kb-row-layout-id254_34783c-f0{margin-bottom:0px;}.kb-row-layout-id254_34783c-f0 > .kt-row-column-wrap{align-content:start;}:where(.kb-row-layout-id254_34783c-f0 > .kt-row-column-wrap) > .wp-block-kadence-column{justify-content:start;}.kb-row-layout-id254_34783c-f0 > .kt-row-column-wrap{column-gap:var(--global-kb-gap-md, 2rem);row-gap:var(--global-kb-gap-md, 2rem);padding-top:var(--global-kb-spacing-sm, 1.5rem);padding-bottom:var(--global-kb-spacing-sm, 1.5rem);grid-template-columns:minmax(0, 1fr);}.kb-row-layout-id254_34783c-f0 > .kt-row-layout-overlay{opacity:0.30;}@media all and (max-width: 1024px){.kb-row-layout-id254_34783c-f0 > .kt-row-column-wrap{grid-template-columns:minmax(0, 1fr);}}@media all and (max-width: 767px){.kb-row-layout-id254_34783c-f0 > .kt-row-column-wrap{grid-template-columns:minmax(0, 1fr);}}<\/style><div class=\"kb-row-layout-wrap kb-row-layout-id254_34783c-f0 alignnone wp-block-kadence-rowlayout\"><div class=\"kt-row-column-wrap kt-has-1-columns kt-row-layout-equal kt-tab-layout-inherit kt-mobile-layout-row kt-row-valign-top\">\n<style>.kadence-column254_1914ce-1a > .kt-inside-inner-col,.kadence-column254_1914ce-1a > .kt-inside-inner-col:before{border-top-left-radius:0px;border-top-right-radius:0px;border-bottom-right-radius:0px;border-bottom-left-radius:0px;}.kadence-column254_1914ce-1a > .kt-inside-inner-col{column-gap:var(--global-kb-gap-sm, 1rem);}.kadence-column254_1914ce-1a > .kt-inside-inner-col{flex-direction:column;}.kadence-column254_1914ce-1a > .kt-inside-inner-col > .aligncenter{width:100%;}.kadence-column254_1914ce-1a > .kt-inside-inner-col:before{opacity:0.3;}.kadence-column254_1914ce-1a{position:relative;}@media all and (max-width: 1024px){.kadence-column254_1914ce-1a > .kt-inside-inner-col{flex-direction:column;justify-content:center;}}@media all and (max-width: 767px){.kadence-column254_1914ce-1a > .kt-inside-inner-col{flex-direction:column;justify-content:center;}}<\/style>\n<div class=\"wp-block-kadence-column kadence-column254_1914ce-1a\"><div class=\"kt-inside-inner-col\"><style>.wp-block-kadence-advancedheading.kt-adv-heading254_3f2435-cd, .wp-block-kadence-advancedheading.kt-adv-heading254_3f2435-cd[data-kb-block=\"kb-adv-heading254_3f2435-cd\"]{font-style:normal;}.wp-block-kadence-advancedheading.kt-adv-heading254_3f2435-cd mark.kt-highlight, .wp-block-kadence-advancedheading.kt-adv-heading254_3f2435-cd[data-kb-block=\"kb-adv-heading254_3f2435-cd\"] mark.kt-highlight{font-style:normal;color:#f76a0c;-webkit-box-decoration-break:clone;box-decoration-break:clone;padding-top:0px;padding-right:0px;padding-bottom:0px;padding-left:0px;}<\/style>\n<h2 class=\"kt-adv-heading254_3f2435-cd wp-block-kadence-advancedheading\" data-kb-block=\"kb-adv-heading254_3f2435-cd\">Delegationen<\/h2>\n\n\n\n<p>Freiburger Gemeindeverband (FGV), 10 Sitzungen j\u00e4hrlich:<br>P\u00f6rner Pascal, Schl\u00fcchter Petra<\/p>\n\n\n\n<p>Regionalverband See (RVS), 2 Sitzungen j\u00e4hrlich:<br>Kaufmann Andrea, Petter Guy<\/p>\n\n\n\n<p>Kantonale Arbeitsgruppe Regionale Raumplanung (AG RR), 2 Sitzungen j\u00e4hrlich:<br>Petter Guy, P\u00f6rner Pascal<\/p>\n\n\n\n<p>Kantonale Arbeitsgruppe SyZact, 2 Sitzungen j\u00e4hrlich:<br>Petter Guy<\/p>\n\n\n\n<p>Beratende Mobilit\u00e4tskommission, 2 Sitzungen j\u00e4hrlich:<br>Petter Gy<\/p>\n<\/div><\/div>\n\n<\/div><\/div>\n\n<style>.kb-image254_340bd8-4f .kb-image-has-overlay:after{opacity:0.3;}<\/style>\n<figure class=\"wp-block-kadence-image kb-image254_340bd8-4f size-large\"><img loading=\"lazy\" decoding=\"async\" width=\"1024\" height=\"1024\" src=\"https:\/\/see-lac.ch\/wp-content\/uploads\/2024\/10\/qudarat_Badhaus_Berger_110613_07CA-1024x1024.jpg\" alt=\"\" class=\"kb-img wp-image-598\" srcset=\"https:\/\/see-lac.ch\/wp-content\/uploads\/2024\/10\/qudarat_Badhaus_Berger_110613_07CA-1024x1024.jpg 1024w, https:\/\/see-lac.ch\/wp-content\/uploads\/2024\/10\/qudarat_Badhaus_Berger_110613_07CA-300x300.jpg 300w, https:\/\/see-lac.ch\/wp-content\/uploads\/2024\/10\/qudarat_Badhaus_Berger_110613_07CA-150x150.jpg 150w, https:\/\/see-lac.ch\/wp-content\/uploads\/2024\/10\/qudarat_Badhaus_Berger_110613_07CA-768x768.jpg 768w, https:\/\/see-lac.ch\/wp-content\/uploads\/2024\/10\/qudarat_Badhaus_Berger_110613_07CA-50x50.jpg 50w, https:\/\/see-lac.ch\/wp-content\/uploads\/2024\/10\/qudarat_Badhaus_Berger_110613_07CA-1600x1600.jpg 1600w, https:\/\/see-lac.ch\/wp-content\/uploads\/2024\/10\/qudarat_Badhaus_Berger_110613_07CA-1536x1536.jpg 1536w, https:\/\/see-lac.ch\/wp-content\/uploads\/2024\/10\/qudarat_Badhaus_Berger_110613_07CA-12x12.jpg 12w, https:\/\/see-lac.ch\/wp-content\/uploads\/2024\/10\/qudarat_Badhaus_Berger_110613_07CA.jpg 1816w\" sizes=\"auto, (max-width: 1024px) 100vw, 1024px\" \/><\/figure>","protected":false},"excerpt":{"rendered":"<p>Arbeitsgruppen (AG) und Delegationen Arbeitsgruppen Raumplanung (RPL)Die AG RPL ist die Anlaufstelle im Bereich der Raumplanung. Sie passt den regionale Richtplan (RRP) an, \u00fcberpr\u00fcft die lokalen Richtpl\u00e4ne bei \u00c4nderungen und &#8230; <a title=\"GT et d\u00e9l\u00e9gations\" class=\"read-more\" href=\"https:\/\/see-lac.ch\/fr\/arbeitsgruppe\/\" aria-label=\"En savoir plus sur AG und Delegationen\">Lire la suite<\/a><\/p>","protected":false},"author":1,"featured_media":0,"parent":0,"menu_order":0,"comment_status":"closed","ping_status":"closed","template":"","meta":{"pgc_sgb_lightbox_settings":"","_EventAllDay":false,"_EventTimezone":"","_EventStartDate":"","_EventEndDate":"","_EventStartDateUTC":"","_EventEndDateUTC":"","_EventShowMap":false,"_EventShowMapLink":false,"_EventURL":"","_EventCost":"","_EventCostDescription":"","_EventCurrencySymbol":"","_EventCurrencyCode":"","_EventCurrencyPosition":"","_EventDateTimeSeparator":"","_EventTimeRangeSeparator":"","_EventOrganizerID":[],"_EventVenueID":[],"_OrganizerEmail":"","_OrganizerPhone":"","_OrganizerWebsite":"","_VenueAddress":"","_VenueCity":"","_VenueCountry":"","_VenueProvince":"","_VenueState":"","_VenueZip":"","_VenuePhone":"","_VenueURL":"","_VenueStateProvince":"","_VenueLat":"","_VenueLng":"","_VenueShowMap":false,"_VenueShowMapLink":false,"footnotes":""},"class_list":["post-254","page","type-page","status-publish"],"_links":{"self":[{"href":"https:\/\/see-lac.ch\/fr\/wp-json\/wp\/v2\/pages\/254","targetHints":{"allow":["GET"]}}],"collection":[{"href":"https:\/\/see-lac.ch\/fr\/wp-json\/wp\/v2\/pages"}],"about":[{"href":"https:\/\/see-lac.ch\/fr\/wp-json\/wp\/v2\/types\/page"}],"author":[{"embeddable":true,"href":"https:\/\/see-lac.ch\/fr\/wp-json\/wp\/v2\/users\/1"}],"replies":[{"embeddable":true,"href":"https:\/\/see-lac.ch\/fr\/wp-json\/wp\/v2\/comments?post=254"}],"version-history":[{"count":55,"href":"https:\/\/see-lac.ch\/fr\/wp-json\/wp\/v2\/pages\/254\/revisions"}],"predecessor-version":[{"id":1154,"href":"https:\/\/see-lac.ch\/fr\/wp-json\/wp\/v2\/pages\/254\/revisions\/1154"}],"wp:attachment":[{"href":"https:\/\/see-lac.ch\/fr\/wp-json\/wp\/v2\/media?parent=254"}],"curies":[{"name":"wp","href":"https:\/\/api.w.org\/{rel}","templated":true}]}}